
{"id":164,"date":"2021-05-21T11:15:01","date_gmt":"2021-05-21T09:15:01","guid":{"rendered":"https:\/\/przedszkole28.edu.wroclaw.pl\/?page_id=164"},"modified":"2025-10-13T23:22:39","modified_gmt":"2025-10-13T21:22:39","slug":"programy-i-projekty","status":"publish","type":"page","link":"https:\/\/przedszkole28.edu.wroclaw.pl\/index.php\/programy-i-projekty\/","title":{"rendered":"Programy i projekty"},"content":{"rendered":"<div class=\"wpb-content-wrapper\"><p>[vc_row css=&#8221;.vc_custom_1621932753438{background: #00366c url(https:\/\/przedszkole28.edu.wroclaw.pl\/wp-content\/uploads\/sites\/60\/2021\/05\/bg-vector2.png?id=219) !important;}&#8221;][vc_column][vc_tta_tabs active_section=&#8221;1&#8243;][vc_tta_section title=&#8221;Programy wychowania przedszkolnego&#8221; tab_id=&#8221;1621847016110-384f20a7-1954&#8243;][vc_column_text]<\/p>\n<div id=\"text5_Html_1\" class=\"skgd plainText\" data-sgid=\"text5_Html_1\">\n<p><strong>PRZEDSZKOLE NR 28 FANTAZJA<\/strong><\/p>\n<p><strong>PROGRAMY WYCHOWANIA PRZEDSZKOLNEGO<br \/>\nw roku szkolnym 2023\/2024<\/strong><\/p>\n<p><strong>\u00a0<\/strong><\/p>\n<ol>\n<li>Wies\u0142awa \u017baba-\u017babi\u0144ska, Wioletta Majewska, Renata Pa\u017adzio, \u201eProgram wychowania przedszkolnego\u201d, Wydawnictwo MAC \u2013 SMOKI, LE\u015aNE DUSZKI, SMERFY, ELFY, MINIONKI<\/li>\n<\/ol>\n<p>&nbsp;<\/p>\n<ol start=\"2\">\n<li>El\u017cbieta Kordas, \u201eProgram wychowania przedszkolnego\u201d, Wydawnictwo PWN \u2013 MUMINKI, SKRZATY, GUMISIE<\/li>\n<\/ol>\n<p><strong>\u00a0<\/strong><\/p>\n<ol start=\"3\">\n<li>Jolanta Wasilewska, \u201eDru\u017cyna marze\u0144. Program nauczania przedszkolnego\u201d, Wydawnictwo WSiP \u2013 \u015aWIETLIKI<\/li>\n<\/ol>\n<\/div>\n<p>[\/vc_column_text][\/vc_tta_section][vc_tta_section title=&#8221;Programy i projekty&#8221; tab_id=&#8221;1621847016122-fecb8dab-3796&#8243;][vc_column_text]<\/p>\n<h3 id=\"text5_SubpageHeading_2\" class=\"skgd\" data-sgid=\"text5_SubpageHeading_2\"><span style=\"color: #00366c;font-size: 18pt\">Programy w\u0142asne i projekty<\/span><\/h3>\n<div id=\"text5_Html_1\" class=\"skgd plainText\" data-sgid=\"text5_Html_1\">\n<p>\u00a0\u00a0\u00a0\u00a0\u00a0\u00a0\u00a0\u00a0\u00a0\u00a0\u00a0\u00a0 W Przedszkolu Nr 28 &#8222;Fantazja&#8221;, w roku szkolnym 2020\/2021, realizowane s\u0105 programy w\u0142asne i projekty, a w codziennej pracy wychowawczo- dydaktycznej wykorzystywana jest m. in. metoda Klanzy.<\/p>\n<h3>Program w\u0142asny i program roczny ,,Jak by\u0107 ekologiem?&#8221;<\/h3>\n<p>Program dotyczy zagadnie\u0144 ekologii i kreatywno\u015bci. Jego podstawowym celem jest kszta\u0142towanie u dzieci postaw proekologicznych i u\u015bwiadomienie im konieczno\u015bci przestrzegania zasad ochrony przyrody w \u017cyciu codziennym.<\/p>\n<p>Cele programu sa skorelowane z celami zawartymi w podstawie programowej oraz kompetencjami kluczowymi, a s\u0105 to:<\/p>\n<ul>\n<li>rozbudzanie zainteresowa\u0144 przyrodniczych poprzez poznawanie go, dostrzeganie jego pi\u0119kna<\/li>\n<li>nabywanie opieku\u0144czego stosunku do \u015bwiata ro\u015blin i zwierz\u0105t<\/li>\n<li>kszta\u0142towanie m\u0105drego i umiej\u0119tnego wsp\u00f3\u0142\u017cycia cz\u0142owieka z przyroda<\/li>\n<li>rozwijanie poczucia troski i odpowiedzialno\u015bci o obecn\u0105 i przysz\u0142\u0105 jako\u015b\u0107 \u017cycuia na ziemi<\/li>\n<li>umo\u017cliwienie podejmowania dzia\u0142a\u0144 ekologicznych w najbli\u017cszym otoczeniu i we w\u0142asnym \u017cyciu<\/li>\n<li>kszta\u0142towanie umiej\u0119tno\u015bci pracy w zespole<\/li>\n<li>kszta\u0142towanie samodzielnego dzia\u0142ania, poszukiwania i my\u015blenia<\/li>\n<li>uczenie samodzielno\u015bci oraz odwagi w my\u015bleniu i dzia\u0142aniu<\/li>\n<\/ul>\n<h3><strong>Projekt ,,Ma\u0142y mi\u015b w \u015bwiecie wielkiej literatury&#8221;<\/strong><\/h3>\n<p>Jest to og\u00f3lnopolskie wydarzenie, w ramach kt\u00f3rego mi\u0142o\u015b\u0107 do czytania przekazywana jest najm\u0142odszym w przedszkolach. Nauczycielki czytaj\u0105 przedszkolakom ksi\u0105\u017cki, a ka\u017cde takie wydarzenie jest \u015bwi\u0119tem w plac\u00f3wce pe\u0142nym literatury.<\/p>\n<h3><strong>Projekt ,,magiczna moc bajek&#8221;<\/strong><\/h3>\n<div dir=\"auto\"><span class=\"oi732d6d ik7dh3pa d2edcug0 hpfvmrgz qv66sw1b c1et5uql a8c37x1j muag1w35 ew0dbk1b jq4qci2q a3bd9o3v knj5qynh m9osqain hzawbc8m\" dir=\"auto\"><span class=\"oi732d6d ik7dh3pa d2edcug0 hpfvmrgz qv66sw1b c1et5uql jq4qci2q a3bd9o3v knj5qynh oo9gr5id\">G\u0142\u00f3wnym celem Projektu jest promowanie w\u015br\u00f3d dzieci czytania bajek i ba\u015bni jako sposobu na ich rozw\u00f3j, kszta\u0142cenie, zdobywanie wiedzy i wychowanie szcz\u0119\u015bliwego cz\u0142owieka oraz kszta\u0142towanie postaw spo\u0142ecznych u dzieci w wieku przedszkolnym wobec os\u00f3b z niepe\u0142nosprawno\u015bci\u0105.<\/span><\/span><\/div>\n<div dir=\"auto\"><span class=\"oi732d6d ik7dh3pa d2edcug0 hpfvmrgz qv66sw1b c1et5uql a8c37x1j muag1w35 ew0dbk1b jq4qci2q a3bd9o3v knj5qynh m9osqain hzawbc8m\" dir=\"auto\"><span class=\"oi732d6d ik7dh3pa d2edcug0 hpfvmrgz qv66sw1b c1et5uql jq4qci2q a3bd9o3v knj5qynh oo9gr5id\">Cele szczeg\u00f3\u0142owe:<\/span><\/span><\/div>\n<ul>\n<li dir=\"auto\"><span class=\"oi732d6d ik7dh3pa d2edcug0 hpfvmrgz qv66sw1b c1et5uql a8c37x1j muag1w35 ew0dbk1b jq4qci2q a3bd9o3v knj5qynh m9osqain hzawbc8m\" dir=\"auto\"><span class=\"oi732d6d ik7dh3pa d2edcug0 hpfvmrgz qv66sw1b c1et5uql jq4qci2q a3bd9o3v knj5qynh oo9gr5id\">Upowszechnianie czytelnictwa, rozwijanie kompetencji czytelniczych w\u015br\u00f3d dzieci.<\/span><\/span><\/li>\n<li dir=\"auto\"><span class=\"oi732d6d ik7dh3pa d2edcug0 hpfvmrgz qv66sw1b c1et5uql a8c37x1j muag1w35 ew0dbk1b jq4qci2q a3bd9o3v knj5qynh m9osqain hzawbc8m\" dir=\"auto\"><span class=\"oi732d6d ik7dh3pa d2edcug0 hpfvmrgz qv66sw1b c1et5uql jq4qci2q a3bd9o3v knj5qynh oo9gr5id\">Kszta\u0142towanie postaw. Wychowanie do warto\u015bci.<\/span><\/span><\/li>\n<li dir=\"auto\"><span class=\"oi732d6d ik7dh3pa d2edcug0 hpfvmrgz qv66sw1b c1et5uql a8c37x1j muag1w35 ew0dbk1b jq4qci2q a3bd9o3v knj5qynh m9osqain hzawbc8m\" dir=\"auto\"><span class=\"oi732d6d ik7dh3pa d2edcug0 hpfvmrgz qv66sw1b c1et5uql jq4qci2q a3bd9o3v knj5qynh oo9gr5id\">Przekazywanie za po\u015brednictwem Literatury warto\u015bci moralnych.<\/span><\/span><\/li>\n<li dir=\"auto\"><span class=\"oi732d6d ik7dh3pa d2edcug0 hpfvmrgz qv66sw1b c1et5uql a8c37x1j muag1w35 ew0dbk1b jq4qci2q a3bd9o3v knj5qynh m9osqain hzawbc8m\" dir=\"auto\"><span class=\"oi732d6d ik7dh3pa d2edcug0 hpfvmrgz qv66sw1b c1et5uql jq4qci2q a3bd9o3v knj5qynh oo9gr5id\">Wyzwalanie pozytywnych emocji (rado\u015bci, zadowolenia, poczucia bezpiecze\u0144stwa).<\/span><\/span><\/li>\n<li dir=\"auto\"><span class=\"oi732d6d ik7dh3pa d2edcug0 hpfvmrgz qv66sw1b c1et5uql a8c37x1j muag1w35 ew0dbk1b jq4qci2q a3bd9o3v knj5qynh m9osqain hzawbc8m\" dir=\"auto\"><span class=\"oi732d6d ik7dh3pa d2edcug0 hpfvmrgz qv66sw1b c1et5uql jq4qci2q a3bd9o3v knj5qynh oo9gr5id\">Rozwijanie wyobra\u017ani, koncentracji i uwagi, zdolno\u015bci tw\u00f3rczego my\u015blenia.<\/span><\/span><\/li>\n<li dir=\"auto\"><span class=\"oi732d6d ik7dh3pa d2edcug0 hpfvmrgz qv66sw1b c1et5uql a8c37x1j muag1w35 ew0dbk1b jq4qci2q a3bd9o3v knj5qynh m9osqain hzawbc8m\" dir=\"auto\"><span class=\"oi732d6d ik7dh3pa d2edcug0 hpfvmrgz qv66sw1b c1et5uql jq4qci2q a3bd9o3v knj5qynh oo9gr5id\">Wspomaganie wszechstronnego rozwoju dziecka.<\/span><\/span><\/li>\n<li dir=\"auto\"><span class=\"oi732d6d ik7dh3pa d2edcug0 hpfvmrgz qv66sw1b c1et5uql a8c37x1j muag1w35 ew0dbk1b jq4qci2q a3bd9o3v knj5qynh m9osqain hzawbc8m\" dir=\"auto\"><span class=\"oi732d6d ik7dh3pa d2edcug0 hpfvmrgz qv66sw1b c1et5uql jq4qci2q a3bd9o3v knj5qynh oo9gr5id\">Kszta\u0142towanie postawy empatii wobec os\u00f3b niepe\u0142nosprawnych.<\/span><\/span><\/li>\n<li dir=\"auto\"><span class=\"oi732d6d ik7dh3pa d2edcug0 hpfvmrgz qv66sw1b c1et5uql a8c37x1j muag1w35 ew0dbk1b jq4qci2q a3bd9o3v knj5qynh m9osqain hzawbc8m\" dir=\"auto\"><span class=\"oi732d6d ik7dh3pa d2edcug0 hpfvmrgz qv66sw1b c1et5uql jq4qci2q a3bd9o3v knj5qynh oo9gr5id\">Przedstawienie dzieci z niepe\u0142nosprawno\u015bci\u0105 jako warto\u015bciowych ludzi, kt\u00f3rzy chc\u0105 si\u0119 bawi\u0107, \u015bmia\u0107, uczestniczy\u0107 w \u017cyciu grupy <\/span><\/span><\/li>\n<\/ul>\n<h3><strong>Projekt ,,Pi\u0119kna nasza Polska ca\u0142a&#8221;<\/strong><\/h3>\n<p>G\u0142\u00f3wnym celem projektu jest kszta\u0142towanie postaw patriotycznych u najm\u0142odszych, uwra\u017cliwienie ich na pi\u0119kno, folklor i tradycje Polski. Dzia\u0142ania projektowe to te\u017c okazja, by budzi\u0107 w\u015br\u00f3d najm\u0142odszych i ich rodzin poczucie to\u017csamo\u015bci narodowej i regionalnej, dumy z bycia Polakiem, a tak\u017ce wzmacnia\u0107 wi\u0119zi i integrowa\u0107 plac\u00f3wki o\u015bwiatowe z terenu ca\u0142ej Polski i Kres\u00f3w.<\/p>\n<h3><strong>Program w\u0142asny: &#8222;Matematyka z Fantazj\u0105&#8221;<\/strong><\/h3>\n<p style=\"text-align: left\">Od kilku lat w Przedszkolu Nr 28 we Wroc\u0142awiu realizowany jest program w\u0142asny \u201eMTEMATYKA Z FANTAZJ\u0104\u201d. Dla wsp\u00f3\u0142czesnego spo\u0142ecze\u0144stwa matematyka jest kluczem do odnoszenia sukces\u00f3w w wielu dziedzinach \u017cycia. Dzi\u015b, jak nigdy dot\u0105d, kompetencje matematyczne warunkuj\u0105 dost\u0119p do rynku pracy. Dlatego tak wa\u017cnym jest jak najszybsze wdra\u017canie dzieci w \u015bwiat matematyki, co na etapie edukacji przedszkolnej powinno polega\u0107 na umo\u017cliwieniu dziecku osi\u0105gni\u0119cia odpowiednich kompetencji intelektualnych przygotowuj\u0105cych do systematycznego przyswajania wiedzy z tego zakresu. Autorki programu zadba\u0142y o adekwatny dob\u00f3r tre\u015bci i sposob\u00f3w jej przekazania, a fakt d\u0142ugoletniego realizowania programu dowodzi, \u017ce s\u0105 to sprawdzaj\u0105ce si\u0119 metody.<\/p>\n<h4><b>TRE\u015aCI PROGRAMOWE<\/b>:<\/h4>\n<p>\u201eMatematyka z Fantazj\u0105\u201d<b> <\/b>to program, kt\u00f3ry opiera si\u0119 na za\u0142o\u017ceniu nauki poprzez zabaw\u0119 oraz dzia\u0142aniu na konkretach<br \/>\ni \u0107wiczeniach praktycznych. Tre\u015bci programowe dowo\u0142uj\u0105 si\u0119 do wskaza\u0144 podstawy programowej i zosta\u0142y uj\u0119te w 10 zagadnie\u0144 realizowanych chronologicznie na dw\u00f3ch zaj\u0119ciach tygodniowo:<\/p>\n<ul>\n<li>Nabywanie umiej\u0119tno\u015bci pos\u0142ugiwania si\u0119 okre\u015bleniami wskazuj\u0105cymi po\u0142o\u017cenie i kierunek. Orientacja przestrzenna.<\/li>\n<li>Rytmy i rytmiczno\u015b\u0107.<\/li>\n<li>Kszta\u0142ty i figury- intuicje geometryczne.<\/li>\n<li>Klasyfikowanie, systematyzowanie i zbiory.<\/li>\n<li>Przyczyna i skutek. Przewidywanie nast\u0119pstw.<\/li>\n<li>Nabywanie umiej\u0119tno\u015bci konstrukcyjnych i manipulacyjnych z wykorzystaniem r\u00f3\u017cnych kszta\u0142t\u00f3w i figur geometrycznych.<\/li>\n<li>Nabywanie umiej\u0119tno\u015bci okre\u015blania i dokonywania pomiaru wielko\u015bci i ci\u0119\u017caru.<\/li>\n<li>Przyswajanie okre\u015ble\u0144 czasu.<\/li>\n<li>Nabywanie umiej\u0119tno\u015bci okre\u015blania i dokonywania pomiar\u00f3w d\u0142ugo\u015bci, szeroko\u015bci i wysoko\u015bci.<\/li>\n<li>Kszta\u0142towanie umiej\u0119tno\u015bci liczenia. Kardynalny i porz\u0105dkowy aspekt liczby.<\/li>\n<\/ul>\n<h3><strong>Program w\u0142asny- adaptacyjny: &#8222;Przygoda z Fantazj\u0105&#8221;<\/strong><\/h3>\n<p>Program \u201ePrzygoda z Fantazj\u0105\u201d ma u\u0142atwi\u0107 dziecku przekroczenie progu przedszkola, skr\u00f3ci\u0107 okres aklimatyzacji i zintegrowa\u0107 ze sob\u0105 dzieci oraz ich rodzic\u00f3w.\u00a0 Ma tak\u017ce by\u0107 narz\u0119dziem pracy, z kt\u00f3rego b\u0119d\u0105 korzysta\u0107 nauczyciele, realizuj\u0105cy zadanie pomocy w szybszej adaptacji dziecka do warunk\u00f3w przedszkolnych.<\/p>\n<h4><b>Za\u0142o\u017cenia programowe:<\/b><\/h4>\n<ul>\n<li>program adaptacyjny oparty jest na wiedzy o rozwoju dziecka,<\/li>\n<li>okre\u015bla\u00a0 system wzajemnych oddzia\u0142ywa\u0144 pedagogicznych oraz organizacyjnych przedszkola i rodziny,<\/li>\n<li>opiera si\u0119 na wsp\u00f3\u0142pracy nauczycieli i rodzic\u00f3w, kt\u00f3rej celem jest \u00a0pomoc dziecku w wchodzeniu w nowe \u015brodowisko \u017cycia,<\/li>\n<li>odwo\u0142uje si\u0119 do zasady indywidualizacji w podej\u015bciu do dziecka i odkrywania jego potrzeb,<\/li>\n<li>polega na pracy\u00a0 w naturalnym \u015brodowisku dziecka, czyli przedszkolu w grupie r\u00f3wie\u015bnik\u00f3w przy aktywnym udziale rodzic\u00f3w.<\/li>\n<\/ul>\n<h4><b>Cele programu i procedury ich osi\u0105gania<\/b><\/h4>\n<p>G\u0142\u00f3wnym celem programu adaptacyjnego \u201ePrzygoda z Fantazj\u0105\u201d jest umo\u017cliwienie dzieciom sprawnego rozwi\u0105zywania trudno\u015bci zwi\u0105zanych z podejmowaniem nowych r\u00f3l w \u015brodowisku przedszkolnym. Program koncentruje si\u0119 na r\u00f3\u017cnych kierunkach pracy z dzieckiem, a szczeg\u00f3lny nacisk k\u0142adzie na kszta\u0142towanie osobowo\u015bci i wspieranie jego rozwoju. Jednak beneficjentami programu s\u0105 nie tylko dzieci rozpoczynaj\u0105ce sw\u00f3j pobyt w przedszkolu, ale r\u00f3wnie\u017c ich rodzice, a tak\u017ce nauczyciele i pracownicy plac\u00f3wki. Cele zawarte w programie \u201ePrzygoda z Fantazj\u0105\u201d zosta\u0142y podzielone na te nakierowane na dzieci, na rodzic\u00f3w i nauczycieli,\u00a0 z wyodr\u0119bnieniem cel\u00f3w g\u0142\u00f3wnych i operacyjnych.<\/p>\n<h3><strong>Projekt edukacyjny: &#8222;Ca\u0142y Wroc\u0142aw czyta&#8221;<\/strong><\/h3>\n<p>Od 2014 roku Przedszkole Nr 28 we Wroc\u0142awiu w\u0142\u0105cza si\u0119 w realizacj\u0119 miejskiego projektu \u201eCA\u0141Y WROC\u0141AW CZYTA\u201d. Projekt skierowany jest do wroc\u0142awian i wszystkich plac\u00f3wek edukacyjnych Wroc\u0142awia, a jego zadaniem jest podnoszenie kompetencji czytelniczych i komunikacyjnych dzieci i m\u0142odzie\u017cy.\u00a0Ide\u0105 projektu jest stawianie na terenie miasta oficjalnych skrzyneczek do bookcriossingu oraz\u00a0 stworzenie na terenie plac\u00f3wek przez dzieci i m\u0142odzie\u017c\u00a0 tzw. &#8222;bajecznych \u0142aweczek\u201d.<\/p>\n<h4><b>Celem projektu jest:<\/b><\/h4>\n<ul>\n<li>propagowanie czytelnictwa,<\/li>\n<li>integracja mieszka\u0144c\u00f3w Wroc\u0142awia wok\u00f3\u0142 &#8222;bajecznych \u0142aweczek&#8221;,<\/li>\n<li>odkrywanie przez dzieci i m\u0142odzie\u017c ciekawych miejsc na kulturalnej mapie miasta, kt\u00f3re s\u0142u\u017cy\u0107 b\u0119d\u0105 popularyzacji czytania.<\/li>\n<\/ul>\n<h4><b>\u00a0 W ci\u0105gu roku szkolnego Przedszkole Nr 28 we Wroc\u0142awiu podejmuje m. in. takie zadania wynikaj\u0105ce z projektu \u201eCa\u0142y Wroc\u0142aw czyta\u201d, jak:<\/b><\/h4>\n<ul>\n<li>Aktywizowanie rodzic\u00f3w do wsp\u00f3lnego czytania z dzie\u0107mi poprzez umieszczenie \u201ebajecznej \u0142aweczki\u201d na terenie przedszkola.<\/li>\n<li>Udzia\u0142 w konkursach projektowych.<\/li>\n<li>Organizowanie dni i tygodni czytelniczych.<\/li>\n<li>Organizowanie spotka\u0144 z autorami ksi\u0105\u017cek dla dzieci.<\/li>\n<\/ul>\n<h3><strong>Projekt edukacyjny: &#8222;Destination Imagination&#8221;<\/strong><\/h3>\n<p>Od pocz\u0105tku roku szkolnego \u00a02016\/2017 Przedszkole Nr 28 we Wroc\u0142awiu przyst\u0105pi\u0142o do projektu \u00a0<b>DESTINATION IMAGINATION<\/b>. Jest to najwi\u0119kszy na \u015bwiecie programem dla dzieci i m\u0142odzie\u017cy zorientowany na rozw\u00f3j kreatywno\u015bci oraz umiej\u0119tno\u015bci XXI wieku. Dzia\u0142a w 42 krajach, na sze\u015bciu kontynentach, 48 stanach Ameryki P\u00f3\u0142nocnej oraz w Kanadyjskich prowincjach. Daje mo\u017cliwo\u015b\u0107 odkrywania i wydobywania niezmierzonych potencja\u0142\u00f3w dzieci\u0119cej wyobra\u017ani. Jest te\u017c ekscytuj\u0105c\u0105 przygod\u0105 dla tych, kt\u00f3rzy chc\u0105 rozwija\u0107 swoje zainteresowania, zdolno\u015bci i talenty.<br \/>\nDI bazuje na koncepcji my\u015blenia dywergencyjnego (rozbie\u017cnego) zak\u0142adaj\u0105cego, \u017ce istnieje wi\u0119cej ni\u017c jedna droga do rozwi\u0105zania problemu, uczy kreatywno\u015bci, tworzenia innowacji oraz pracy zespo\u0142owej.<\/p>\n<h4>Zadania dru\u017cyny:<\/h4>\n<ul>\n<li>zdobycie wiadomo\u015bci na temat map i tego jak po\u017cyteczne s\u0105 one dla ludzi;<\/li>\n<li>stworzenie przedstawienie, kt\u00f3re b\u0119dzie opowiada\u0107 o podr\u00f3\u017cy zespo\u0142u;<\/li>\n<li>zastosowanie zmiany kierunku podczas przedstawienia;<\/li>\n<li>stworzenie mapy, kt\u00f3ra pomo\u017ce podczas przedstawienia.<\/li>\n<\/ul>\n<h3><strong>Klanza<\/strong><\/h3>\n<p>Przedszkole Nr 28 jest jedn\u0105 z patronackich plac\u00f3wek<b> <\/b>Polskiego Stowarzyszenia Pedagog\u00f3w i Animator\u00f3w <b>KLANZA<\/b>. KLANZA \u00a0jest og\u00f3lnopolsk\u0105 organizacj\u0105 pozarz\u0105dowa non-profit, skupiaj\u0105c\u0105 osoby aktywne i otwarte na zmian\u0119 spo\u0142eczn\u0105.<b> <\/b>Nauczanie i wychowanie zak\u0142ada wyzwolenie aktywno\u015b\u0107 uczestnik\u00f3w w atmosferze wsp\u00f3\u0142pracy i poszanowania podmiotowo\u015bci. Stowarzyszenie, wypracowa\u0142o swoj\u0105 metod\u0119<br \/>\ni niekwestionowanie miejsce na rynku pedagogicznym. W 2004 roku osi\u0105gni\u0119cia KLANZY zosta\u0142y nagrodzone presti\u017cowym wyr\u00f3\u017cnieniem Pro Publico Bono.<\/p>\n<h4><b>Z faktu wsp\u00f3\u0142pracy z KLANZ\u0104 wynika m. in.:<\/b><\/h4>\n<ul>\n<li>Wykorzystywanie metody KLANZY w codziennej pracy wychowawczo- dydaktycznej.<\/li>\n<li>Organizacja zaj\u0119\u0107 integracyjnych z rodzicami z wykorzystaniem metod KLANZY.<\/li>\n<li>Udzia\u0142 nauczycieli w licznych kursach, warsztatach i innych formach dokszta\u0142cania organizowanych przez KLANZ\u0118.<\/li>\n<\/ul>\n<h3>Program w\u0142asny &#8222;Poznawanie przez eksperymentowanie&#8221;- realizowany w grupach 5- latk\u00f3w<\/h3>\n<p>W ramach projektu dzieci w grupach w ka\u017cdym miesi\u0105cu b\u0119d\u0105 wykonywa\u0142y pod nadzorem nauczyciela eksperyment, kt\u00f3ry wsp\u00f3lnie b\u0119d\u0105 omawia\u0107 i relacjonowac za pomoc\u0105 wykonanych zdj\u0119\u0107.<\/p>\n<h3>Program w\u0142asny &#8222;Wroc\u0142aw moim miastem&#8221;- realizowany w grupie 3- latk\u00f3w (GUMISIE) i grupie 4- latk\u00f3w (SMERFY)<\/h3>\n<p>Celem projektu jest przybli\u017cenie dziecku w\u0142asnego regionu- Dolnego \u015al\u0105ska, ukazanie jego pi\u0119kna, dorobku kulturowego i materialnego. projekt skierowany jest do rodzic\u00f3w, nauczycieli, a w szczeg\u00f3lno\u015bci dzieci , bior\u0105c pod uwag\u0119 ich mo\u017cliwo\u015bci rozwojowe.<\/p>\n<\/div>\n<p>[\/vc_column_text][\/vc_tta_section][vc_tta_section title=&#8221;Zaj\u0119cia dodatkowe&#8221; tab_id=&#8221;1621847073464-31b66423-a031&#8243;][vc_column_text css=&#8221;&#8221;]<\/p>\n<h3 id=\"text5_SubpageHeading_2\" class=\"skgd\" data-sgid=\"text5_SubpageHeading_2\"><span style=\"color: #00366c;font-size: 18pt\">Zaj\u0119cia dodatkowe<\/span><\/h3>\n<div id=\"text5_Html_1\" class=\"skgd plainText\" data-sgid=\"text5_Html_1\">\n<h4>W naszym Przedszkolu organizowane s\u0105 nast\u0119puj\u0105ce zaj\u0119cia dodatkowe:<\/h4>\n<ul>\n<li>J\u0119zyk angielski &#8211; 2 x w tygodniu w ka\u017cdej grupie<\/li>\n<li>Logorytmika &#8211; 1 x w tygodniu w ka\u017cdej grupie<\/li>\n<li>Zaj\u0119cia og\u00f3lnorozwojowe ,,Mali Wspaniali&#8221; &#8211; 1 x w tygodniu w ka\u017cdej grupie<\/li>\n<li>Rytmika\/zaj\u0119cia taneczne &#8211; 1 x w tygodniu w ka\u017cdej grupie<\/li>\n<li>Gimnastyka og\u00f3lnorozwojowa &#8211; 2 x w tygodniu w ka\u017cdej grupie<\/li>\n<\/ul>\n<p>Szczeg\u00f3\u0142owy harmonogram zaj\u0119\u0107 w za\u0142\u0105czniku:<\/p>\n<\/div>\n<p>&nbsp;<\/p>\n<p><a href=\"https:\/\/przedszkole28.edu.wroclaw.pl\/wp-content\/uploads\/sites\/60\/2025\/10\/HARMONOGRAM-ZAJEC-DODATKOWYCH-W-ROKU-SZKOLNYM-202526.pdf\">HARMONOGRAM ZAJ\u0118\u0106 DODATKOWYCH W ROKU SZKOLNYM 2025,26<\/a><\/p>\n<div id=\"text5_Html_1\" class=\"skgd plainText\" data-sgid=\"text5_Html_1\">\n<p>&nbsp;<\/p>\n<\/div>\n<p>&nbsp;<\/p>\n<div id=\"text5_Html_1\" class=\"skgd plainText\" data-sgid=\"text5_Html_1\">\n<p>&nbsp;<\/p>\n<\/div>\n<p>[\/vc_column_text][\/vc_tta_section][vc_tta_section title=&#8221;Uroczysto\u015bci przedszkolne&#8221; tab_id=&#8221;1760313474859-ef0d5afd-be00&#8243;][\/vc_tta_section][\/vc_tta_tabs][\/vc_column][\/vc_row]<\/p>\n<\/div>","protected":false},"excerpt":{"rendered":"<p>[vc_row css=&#8221;.vc_custom_1621932753438{background: #00366c url(https:\/\/przedszkole28.edu.wroclaw.pl\/wp-content\/uploads\/sites\/60\/2021\/05\/bg-vector2.png?id=219) !important;}&#8221;][vc_column][vc_tta_tabs active_section=&#8221;1&#8243;][vc_tta_section title=&#8221;Programy wychowania przedszkolnego&#8221; tab_id=&#8221;1621847016110-384f20a7-1954&#8243;][vc_column_text] PRZEDSZKOLE NR 28 FANTAZJA PROGRAMY WYCHOWANIA PRZEDSZKOLNEGO w roku szkolnym 2023\/2024 \u00a0 Wies\u0142awa \u017baba-\u017babi\u0144ska, Wioletta Majewska, Renata Pa\u017adzio, \u201eProgram wychowania [&hellip;]<\/p>\n","protected":false},"author":7,"featured_media":0,"parent":0,"menu_order":0,"comment_status":"closed","ping_status":"closed","template":"","meta":{"footnotes":""},"class_list":["post-164","page","type-page","status-publish","hentry","clearfix"],"_links":{"self":[{"href":"https:\/\/przedszkole28.edu.wroclaw.pl\/index.php\/wp-json\/wp\/v2\/pages\/164","targetHints":{"allow":["GET"]}}],"collection":[{"href":"https:\/\/przedszkole28.edu.wroclaw.pl\/index.php\/wp-json\/wp\/v2\/pages"}],"about":[{"href":"https:\/\/przedszkole28.edu.wroclaw.pl\/index.php\/wp-json\/wp\/v2\/types\/page"}],"author":[{"embeddable":true,"href":"https:\/\/przedszkole28.edu.wroclaw.pl\/index.php\/wp-json\/wp\/v2\/users\/7"}],"replies":[{"embeddable":true,"href":"https:\/\/przedszkole28.edu.wroclaw.pl\/index.php\/wp-json\/wp\/v2\/comments?post=164"}],"version-history":[{"count":16,"href":"https:\/\/przedszkole28.edu.wroclaw.pl\/index.php\/wp-json\/wp\/v2\/pages\/164\/revisions"}],"predecessor-version":[{"id":6728,"href":"https:\/\/przedszkole28.edu.wroclaw.pl\/index.php\/wp-json\/wp\/v2\/pages\/164\/revisions\/6728"}],"wp:attachment":[{"href":"https:\/\/przedszkole28.edu.wroclaw.pl\/index.php\/wp-json\/wp\/v2\/media?parent=164"}],"curies":[{"name":"wp","href":"https:\/\/api.w.org\/{rel}","templated":true}]}}